{"id":22891,"date":"2018-06-12T10:21:50","date_gmt":"2018-06-12T08:21:50","guid":{"rendered":"https:\/\/www.lauragallego.com\/?page_id=22891"},"modified":"2025-10-02T10:08:05","modified_gmt":"2025-10-02T08:08:05","slug":"llibres-en-catala","status":"publish","type":"page","link":"https:\/\/www.lauragallego.com\/en\/books\/books-in-other-languages\/llibres-en-catala\/","title":{"rendered":"Llibres en catal\u00e0"},"content":{"rendered":"<div class=\"wpb-content-wrapper\">[vc_row][vc_column][vc_column_text el_class=&#8221;nav-books&#8221;]\n<ul>\n<li><a href=\"https:\/\/www.lauragallego.com\/en\/books\/\">BOOKS<\/a><\/li>\n<li><a href=\"https:\/\/www.lauragallego.com\/en\/books\/books-in-english\/\">BOOKS IN ENGLISH<\/a><\/li>\n<li class=\"current\"><a href=\"https:\/\/www.lauragallego.com\/en\/books\/books-in-other-languages\/\">BOOKS IN OTHER LANGUAGES<\/a><\/li>\n<\/ul>\n[\/vc_column_text][\/vc_column][\/vc_row][vc_row][vc_column width=&#8221;1\/4&#8243;][vc_single_image image=&#8221;26149&#8243; img_size=&#8221;200&#215;281&#8243;][vc_column_text]<strong>T\u00edtol:<\/strong> Cuatre llunes 1. Marees de m\u00e0gia.<br \/>\n<strong>Editorial:<\/strong> Cru\u00eflla<br \/>\n<strong>Traductor:<\/strong> Ferran Gibert<br \/>\n<strong>Sinopsi:<\/strong><br \/>\nEl Milo fa temps que ha sentit a parlar de la llegenda del drac, per\u00f2 no se la creu. Fins que un dia, arriba una colla de personatges molt estranys al poble i li demanen que els porti a veure el drac. El que el Milo no s&#8217;imagina \u00e9s que aix\u00f2 ser\u00e0 l&#8217;inici de l&#8217;aventura m\u00e9s apassionant de la seva vida.[\/vc_column_text][\/vc_column][vc_column width=&#8221;1\/4&#8243;][vc_single_image image=&#8221;26245&#8243; img_size=&#8221;200&#215;281&#8243;][vc_column_text]<strong>T\u00edtol:<\/strong> Cuatre llunes 2. C\u00fapules de vidre.<br \/>\n<strong>Editorial:<\/strong> Cru\u00eflla<br \/>\n<strong>Traductor:<\/strong> Ferran Gibert<br \/>\n<strong>Sinopsi:<\/strong><br \/>\nEn Milo i l&#8217;enigm\u00e0tica Nivalan continuen buscant els quatre ous de drac, i en aquesta ocasi\u00f3 aniran a parar al regne dels elfs&#8230; Entre conjures i traicions, hauran d&#8217;afanyar-se de valent per trobar el segon ou de drac abans no sigui massa tard.[\/vc_column_text][\/vc_column][vc_column width=&#8221;1\/4&#8243;][vc_single_image image=&#8221;26154&#8243; img_size=&#8221;200&#215;281&#8243;][vc_column_text]<strong>T\u00edtol:<\/strong>\u00a0Totes les fades del regne<br \/>\n<strong>Editorial:<\/strong>\u00a0Montena<br \/>\n<strong>Traductor:<\/strong>\u00a0 Diana Coromines i Calders<br \/>\n<strong>Sinopsi:<\/strong><br \/>\nLa Cam\u00e8lia \u00e9s una fada padrina que fa tres-cents anys que es dedica a ajudar, amb molta efic\u00e0cia, joves donzelles i aspirants a heroi perqu\u00e8 assoleixin un final feli\u00e7. La seva m\u00e0gia i el seu enginy mai no li han fallat, per\u00f2 tot comen\u00e7a a complicar-se quan li encomanen el jove Sim\u00f3, un mosso de cavallerissa que necessita desesperadament un cop de m\u00e0. La Cam\u00e8lia ha solucionat casos fins i tot m\u00e9s dif\u00edcils, per\u00f2, per algun motiu, amb en Sim\u00f2 les coses es comencen a t\u00f2rcer inexplicablement\u2026[\/vc_column_text][\/vc_column][vc_column width=&#8221;1\/4&#8243;][vc_single_image image=&#8221;25983&#8243; img_size=&#8221;200&#215;281&#8243;][vc_column_text]<strong>T\u00edtol:<\/strong> Tots els homes del rei<br \/>\n<strong>Editorial:<\/strong>\u00a0Montena<br \/>\n<strong>Traductor:<\/strong>\u00a0 Diana Coromines i Calders<br \/>\n<strong>Sinopsi: <\/strong>Quan la vida deixa de semblar un conte de fades, la m\u00e0gia m\u00e9s poderosa sorgeix all\u00e0 on menys t&#8217;ho esperes&#8230;<\/p>\n<p>La Fel\u00edcia ha aconseguit un final feli\u00e7 en tornar a casa de la m\u00e0 del seu pr\u00edncep desencantat. Ha hagut de pagar, per\u00f2, un preu molt alt per aix\u00f2: renunciar al suport de la seva fada protectora. M\u00e9s tard, quan descobreix que els seus pares, els reis de Vestur, han fet executar la fada, s&#8217;haur\u00e0 de plantejar si la seva vida \u00e9s realment el conte de fades que semblava.<\/p>\n[\/vc_column_text][\/vc_column][\/vc_row][vc_row el_class=&#8221;row-books margin-bottom-3x&#8221;][vc_column][vc_row_inner][vc_column_inner width=&#8221;1\/4&#8243;][vc_single_image image=&#8221;22652&#8243; img_size=&#8221;200&#215;281&#8243;][vc_column_text]<strong>T\u00edtol:<\/strong> El bestiari de l&#8217;Axlin (Guardians de la Ciutadella 1)<br \/>\n<strong>Editorial:<\/strong> Montena<br \/>\n<strong>Traductor:<\/strong> Bernat Cormand<br \/>\n<strong>Sinopsi:<\/strong><br \/>\nEl m\u00f3n de l&#8217;Axlin est\u00e0 infestat de monstres. Alguns ataquen als viatgers en els camins, d&#8217;altres assetgen els pobles fins que les arrasen completament i d&#8217;altres entren a les cases de nit per endur-se els nens mentre dormen.<br \/>\nAxlin \u00e9s l&#8217;escriba del seu poble. L&#8217;\u00fanica que sap llegir i escriure. I s&#8217;ha proposat investigar tot el possible sobre els monstres i plasmar els seus descobriments en un llibre que pugui servir de guia i de protecci\u00f3 a altres persones. Per aquest motiu decideix anar-se&#8217;n amb els quincallaires i comen\u00e7ar una ruta per aplegar la saviesa ancestral dels pobles en la seva prec\u00e0ria lluita contra els monstres. Aix\u00f2 no obstant, al llarg del seu viatge descobrir\u00e0 coses que mai no s&#8217;hauria imaginat quan va marxar.[\/vc_column_text][\/vc_column_inner][vc_column_inner width=&#8221;1\/4&#8243;][vc_single_image image=&#8221;24318&#8243; img_size=&#8221;full&#8221;][vc_column_text]<strong>T\u00edtol:<\/strong> El secret del Xein (Guardians de la Ciutadella 2)<br \/>\n<strong>Editorial:<\/strong> Montena<br \/>\n<strong>Traductor:<\/strong> Bernat Cormand<br \/>\n<strong>Sinopsi:<\/strong><\/p>\n<p>L&#8217;Axlin treballa a la biblioteca i segueix recopilant informaci\u00f3 per completar el seu bestiari mentre investiga una pres\u00e8ncia inusual de monstres dins els murs de la Ciutadella. A m\u00e9s a m\u00e9s, quan intenta ajudar el seu amic Dex amb un problema personal, es veu embolicada en un conflicte que implica a diverses fam\u00edlies aristocr\u00e0tiques de la ciutat vella.<\/p>\n<p>El Xein, d&#8217;altra banda, s&#8217;ha convertit en un m\u00e9s dels Guardians que protegeixen els habitants de la Ciutadella dels monstres que els amenacen. La seva lleialtat a la Gu\u00e0rdia l&#8217;obliga a amagar els seus nous coneixements a la resta de la gent i especialment a l&#8217;Axlin, cosa que fa que es cre\u00ef un altre mur entre tots dos.[\/vc_column_text][\/vc_column_inner][vc_column_inner width=&#8221;1\/4&#8243;][vc_single_image image=&#8221;24488&#8243; img_size=&#8221;full&#8221;][vc_column_text]<strong>T\u00edtol:<\/strong> La misi\u00f3 de la Rox (Guardians de la\u00a0 Ciutadella 3)<br \/>\n<strong>Editorial:<\/strong> Montena<br \/>\n<strong>Traductor:<\/strong> Bernat Cormand<br \/>\n<strong>Sinopsi:<\/strong><\/p>\n<p>En aquesta \u00faltima entrega de la trilogia \u00abGuardians de la Ciutadella\u00bb, els destins dels protagonistes es tornen a entrella\u00e7ar condicionats per revelacions que posaran en perill la seva relaci\u00f3, per\u00f2 que tamb\u00e9 podrien suposar la clau per salvar el m\u00f3n.<\/p>\n<p>La Rox se n&#8217;ha anat cap a la regi\u00f3 de l&#8217;oest, devastada pels monstres, a la recerca d&#8217;una aldea perduda habitada per Guardians. Mentre una riuada de supervivents arriba a la Ciutadella amb l&#8217;esperan\u00e7a de trobar-hi refugi, a l&#8217;altra banda de les muralles floreix un nou moviment filos\u00f2fic, el Cam\u00ed de la Deu, el l\u00edder del qual predica la fi del m\u00f3n conegut&#8230; per b\u00e9 o per mal.<\/p>\n<p>Al Xein l&#8217;han enviat a l&#8217;\u00daltima Frontera, d&#8217;on ben pocs tornen amb vida. I l&#8217;Axlin s&#8217;ha proposat rescatar-lo.[\/vc_column_text][\/vc_column_inner][vc_column_inner width=&#8221;1\/4&#8243;][vc_single_image image=&#8221;22399&#8243; img_size=&#8221;200&#215;281&#8243;][vc_column_text]<strong>T\u00edtol:<\/strong> Les filles de Tara<br \/>\n<strong>Editorial:<\/strong> Fanbooks<br \/>\n<strong>Traductor:<\/strong>\u00a0<span class=\"author notFaded\" data-width=\"\"> Llu\u00eds Delgado Pic\u00f3 <\/span><br \/>\n<strong>Sinopsi: <\/strong><\/p>\n<p>El m\u00f3n natural de Mannawinard fa molt temps que s\u2019enfronta al m\u00f3n tecnol\u00f2gic de les dumes. Cinc humans d\u2019or\u00edgens diferents i un androide tenen la soluci\u00f3; per\u00f2 abans s\u2019hauran de trobar i emprendre junts un viatge ple de perills en qu\u00e8 mercenaris, mutants i robots destructius intentaran acabar amb les seves vides.<br \/>\nLes filles de Tara es desenvolupa en un m\u00f3n on la manipulaci\u00f3 gen\u00e8tica i el perfeccionament de les m\u00e0quines fan que molts humans es plantegin un retorn a la natura.[\/vc_column_text][\/vc_column_inner][\/vc_row_inner][vc_row_inner][vc_column_inner width=&#8221;1\/2&#8243; offset=&#8221;vc_col-md-3&#8243;][vc_single_image image=&#8221;22522&#8243; img_size=&#8221;full&#8221;][vc_column_text]<strong>T\u00edtol:<\/strong>\u00a0Mem\u00f2ries d\u2019Idhun. La Resist\u00e8ncia<br \/>\n<strong>Editorial:<\/strong>\u00a0Cru\u00eflla<br \/>\n<strong>Traductor:<\/strong>\u00a0Enric Tud\u00f3 i Rialp<br \/>\n<strong>Sinopsi:<\/strong><br \/>\nEl dia que es va produir la conjunci\u00f3 astral dels tres sols i les tres llunes, l\u2019Ashram es ca fer amb el poder del planeta Idhun. A la terra un mag i un guerrer exiliats d\u2019Idhun ajudats per dos adolescents han format la resist\u00e8ncia amb l\u2019objectiu d\u2019acabar amb el regnat de les serps alades. Ho aconseguiran?[\/vc_column_text][\/vc_column_inner][vc_column_inner width=&#8221;1\/2&#8243; offset=&#8221;vc_col-md-3&#8243;][vc_single_image image=&#8221;22567&#8243; img_size=&#8221;full&#8221;][vc_column_text]<strong>T\u00edtol:<\/strong>\u00a0Mem\u00f2ries d\u2019Idhun II. Tr\u00edada<br \/>\n<strong>Editorial:<\/strong>\u00a0Cru\u00eflla<br \/>\n<strong>Traductor:<\/strong>\u00a0Enric Tud\u00f3 i Rialp<br \/>\n<strong>Sinopsi:<\/strong><br \/>\n\u201cJa s\u00f3n aqu\u00ed! Han tornat! El drac i l\u2019unicorn s\u00f3n aqu\u00ed!\u201d La not\u00edcia s\u2019escampa com la p\u00f3lvora entre els idhunians contraris a la tirania d\u2019Ashran el Nigromant. Aix\u00f2 fa ren\u00e9ixer les esperances que es compleixi l\u2019anhelada profecia i el m\u00f3n d\u2019Idhun sigui alliberat. Per\u00f2 la guerra no cessa, i els membres de la Resist\u00e8ncia agafen camins diferents. A m\u00e9s a m\u00e9s\u2026, qui es pot refiar d\u2019en Jack i la Victoria, si en Kirtash, el shek, \u00e9s amb ells?[\/vc_column_text][\/vc_column_inner][vc_column_inner width=&#8221;1\/2&#8243; offset=&#8221;vc_col-md-3&#8243;][vc_single_image image=&#8221;22594&#8243; img_size=&#8221;full&#8221;][vc_column_text]<strong>T\u00edtol:<\/strong>\u00a0Mem\u00f2ries d\u2019Idhun III. Pante\u00f3<br \/>\n<strong>Editorial:<\/strong>\u00a0Cru\u00eflla<br \/>\n<strong>Traductor:<\/strong>\u00a0Enric Tud\u00f3 i Rialp<br \/>\n<strong>Sinopsi:<\/strong><br \/>\nEls ecos de guerra sembla que s\u2019esmorteeixen, per\u00f2, i si fos nom\u00e9s la calma abans de la tempesta? Els oracles tornen a parlar i anuncien l\u2019arribada imminent d\u2019alguna cosa que pot canviar per sempre el dest\u00ed de dos mons. Una cosa que, aquest cop, potser ni tan sols els herois de la profecia no estan preparats per afrontar\u2026[\/vc_column_text][\/vc_column_inner][vc_column_inner width=&#8221;1\/2&#8243; offset=&#8221;vc_col-md-3&#8243;][vc_single_image image=&#8221;22174&#8243; img_size=&#8221;full&#8221;][vc_column_text]<strong>T\u00edtol:<\/strong>\u00a0El Llibre dels Portals<br \/>\n<strong>Editorial:<\/strong>\u00a0Columna<br \/>\n<strong>Traductor:<\/strong>\u00a0Raquel Sol\u00e0<br \/>\n<strong>Sinopsi:<\/strong><br \/>\nEls pintors de l\u2019Acad\u00e8mia dels Portals s\u00f3n els \u00fanics que saben com s\u2019han de dibuixar els extraordinaris portals de viatge que constitueixen la xarxa de comunicaci\u00f3 i transport m\u00e9s important de Dar\u00fasia. Les seves normes r\u00edgides i la seva exhaustiva formaci\u00f3 garanteixen una impecable professionalitat i perfecci\u00f3 t\u00e8cnica en tots els seus treballs. Quan en Tabit, estudiant d\u2019\u00faltim any a l\u2019Acad\u00e8mia, rep l\u2019enc\u00e0rrec de pintar un portal per a un humil camperol, no imagina que est\u00e0 a punt de veure\u2019s involucrat en una trama d\u2019intrigues i secrets que podria remoure els mateixos pilars de la instituci\u00f3.[\/vc_column_text][\/vc_column_inner][\/vc_row_inner][vc_row_inner][vc_column_inner width=&#8221;1\/2&#8243; offset=&#8221;vc_col-md-3&#8243;][vc_single_image image=&#8221;22704&#8243; img_size=&#8221;full&#8221;][vc_column_text]<strong>T\u00edtol:<\/strong>\u00a0Cr\u00f2niques de la Torre I La Vall dels Llops<br \/>\n<strong>Editorial:<\/strong>\u00a0Cru\u00eflla<br \/>\n<strong>Traductor:<\/strong>\u00a0Ferran Gibert i \u00c1lvarez<br \/>\n<strong>Sinopsi:<\/strong><br \/>\nLi van posar Dana i va cr\u00e9ixer al costat dels seus germans i germanes com una m\u00e9s de la fam\u00edlia. No la van tractar mai de manera especial i, tanmateix, tots podien veure que era diferent. Silenciosa com un gat, amb prou feines parlava. La seva vida va canviar per sempre el dia que el Mestre se la va endur a la Torre, en plena Vall dels Llops. All\u00e0 tindr\u00e0 acc\u00e9s als secrets de la m\u00e0gia m\u00e9s ancestral.[\/vc_column_text][\/vc_column_inner][vc_column_inner width=&#8221;1\/2&#8243; offset=&#8221;vc_col-md-3&#8243;][vc_single_image image=&#8221;22737&#8243; img_size=&#8221;full&#8221;][vc_column_text]<strong>T\u00edtol:<\/strong>\u00a0Cr\u00f2niques de la Torre II. La maledicci\u00f3n del Mestre<br \/>\n<strong>Editorial:<\/strong>\u00a0Cru\u00eflla<br \/>\n<strong>Traductor:<\/strong>\u00a0Ferran Gibert i \u00c1lvarez<br \/>\n<strong>Sinopsi:<\/strong><br \/>\nL\u2019Amo de la Torre, abans de morir, va jurar que es venjaria. Cap aprenent de mag s\u2019ha de rebel\u2022lar contra el seu Mestre i, tanmateix, la Dana, l\u2019actual Senyora de la Torre, i en Fenris, l\u2019elf, ho van fer. Ara, aprofitant que hi ha nous alumnes a l\u2019escola, la mort no impedir\u00e0 al Mestre que pugui complir la seva promesa. I a la vall els llops continuen udolant.[\/vc_column_text][\/vc_column_inner][vc_column_inner width=&#8221;1\/2&#8243; offset=&#8221;vc_col-md-3&#8243;][vc_single_image image=&#8221;22775&#8243; img_size=&#8221;full&#8221;][vc_column_text]<strong>T\u00edtol:<\/strong>\u00a0Cr\u00f2niques de la Torre III. La crida dels morts<br \/>\n<strong>Editorial:<\/strong>\u00a0Cru\u00eflla<br \/>\n<strong>Traductor:<\/strong>\u00a0 Ferran Gibert i \u00c1lvarez<br \/>\n<strong>Sinopsi:<\/strong><br \/>\nDespr\u00e9s de l\u2019arribada a la Torre d\u2019en Saevin, un noi amb uns poders excepcionals, la Dana sent que alguna cosa estranya est\u00e0 a punt de passar i decideix viatjar a la Ciutat Oblidada per visitar el Temple Sense Nom i consultar l\u2019Oracle. L\u2019aterridora profecia que li anuncia, en qu\u00e8 hi ha implicades onze persones, la inquieta encara m\u00e9s. Hi pot haver alg\u00fa capa\u00e7 de manipular els designis del dest\u00ed?[\/vc_column_text][\/vc_column_inner][vc_column_inner width=&#8221;1\/2&#8243; offset=&#8221;vc_col-md-3&#8243;][vc_single_image image=&#8221;22797&#8243; img_size=&#8221;full&#8221;][vc_column_text]<strong>T\u00edtol:<\/strong>\u00a0Cr\u00f2niques de la Torre IV. Fenris, l\u2019elf<br \/>\n<strong>Editorial:<\/strong>\u00a0Cru\u00eflla<br \/>\n<strong>Traductor:<\/strong>\u00a0Ferran Gibert i \u00c1lvarez<br \/>\n<strong>Sinopsi:<\/strong><br \/>\nEn Fenris \u00e9s un elf molt especial. T\u00e9 grans poders i, les nits de lluna plena, una for\u00e7a inexplicable l\u2019arrossega fins a convertir-lo en un \u00e9sser sorprenent. L\u2019amor per la Shi-Mae i l\u2019enfrontament amb personatges poderosos del Regne dels Elfs determinaran el seu futur. Aqu\u00ed comen\u00e7a el seu viatge fins a la Torre, l\u2019escola de m\u00e0gia situada a la Vall dels Llops.[\/vc_column_text][\/vc_column_inner][\/vc_row_inner][vc_row_inner][vc_column_inner width=&#8221;1\/2&#8243; offset=&#8221;vc_col-md-3&#8243;][vc_single_image image=&#8221;22843&#8243; img_size=&#8221;200&#215;281&#8243;][vc_column_text]<strong>T\u00edtol:<\/strong>\u00a0Ales de foc<br \/>\n<strong>Editorial:<\/strong>\u00a0Bromera<br \/>\n<strong>Traductor:<\/strong>\u00a0 Ferran Gibert i \u00c1lvarez<br \/>\n<strong>Sinopsi:<\/strong><br \/>\nLa reina Marla, amb nom\u00e9s disset anys, \u00e9s la sobirana d\u2019una naci\u00f3 esplendorosa. Ahriel, un \u00e0ngel femen\u00ed, \u00e9s al seu costat des que va n\u00e9ixer, amb la missi\u00f3 de guiar-la i protegir-la, i de mantenir l\u2019equilibri al regne dels humans. Per\u00f2 quan descobreix una conspiraci\u00f3 per iniciar una guerra sagnant, Ahriel \u00e9s tra\u00efda i tancada, amb les ales inutilitzades, a l\u2019espantosa pres\u00f3 de G\u00f2rlian, un m\u00f3n primitiu, salvatge i brutal, d\u2019on ning\u00fa ha aconseguit escapar-se mai. Ahriel haur\u00e0 d\u2019aprendre no nom\u00e9s a sobreviure a G\u00f2rlian, sin\u00f3 tamb\u00e9 a veure les coses des del punt de vista hum\u00e0\u2026 arran de terra.[\/vc_column_text][\/vc_column_inner][vc_column_inner width=&#8221;1\/2&#8243; offset=&#8221;vc_col-md-3&#8243;][vc_single_image image=&#8221;22858&#8243; img_size=&#8221;200&#215;281&#8243;][vc_column_text]<strong>T\u00edtol:<\/strong>\u00a0Ales negres<br \/>\n<strong>Editorial:<\/strong>\u00a0Bromera<br \/>\n<strong>Traductor:<\/strong>\u00a0Ferran Gibert i \u00c1lvarez<br \/>\n<strong>Sinopsi:<\/strong><br \/>\nAhriel ha recobrat la seva llibertat i ha aconseguit venjar-se, per\u00f2 encara ha de fer una cosa. Despr\u00e9s d\u2019 anar a retre comptesa als seus semblants a la Ciutat dels N\u00favols, es disposa a reprendre la recerca de la m\u00e0gica pres\u00f3 de G\u00f2rlian per recuperar all\u00f2 que va deixar enrere en fugir. Est\u00e0 decidida a fer qualsevol cosa per trobar-ho, fins i tot interogar l\u2019 \u00fanica persona que sap on s\u2019 amaga. Arribar fins a ella no ser\u00e0 f\u00e0cil, per\u00f2 aquesta vegada Ahriel no estar\u00e0 sola\u2026[\/vc_column_text][\/vc_column_inner][vc_column_inner width=&#8221;1\/2&#8243; offset=&#8221;vc_col-md-3&#8243;][vc_single_image image=&#8221;22149&#8243; img_size=&#8221;full&#8221;][vc_column_text]<strong>T\u00edtol:<\/strong>\u00a0All\u00e0 on el arbres canten<br \/>\n<strong>Editorial:<\/strong>\u00a0Cru\u00eflla<br \/>\n<strong>Traductor:<\/strong>\u00a0Coral Rom\u00e0 Garcia<br \/>\n<strong>Sinopsi:<\/strong><br \/>\nLa Viana, l\u2019\u00fanica filla del duc de Rocagrisa, est\u00e0 promesa a Robian de Castellmar des que eren petits. Tots dos s\u2019estimen i es casaran a la primavera. Per\u00f2, durant les festes de celebraci\u00f3 del solstici d\u2019hivern, un home estrafolari adverteix al rei de N\u00f2rtia i els seus cavallers de l\u2019amena\u00e7a dels b\u00e0rbars de les estepes\u2026 I tant Robian com el duc es veuen obligats a anar-se\u2019n a la guerra. En aquestes circumst\u00e0ncies, una noia com la Viana no pot fer altra cosa que esperar que el seu prom\u00e8s torni. I, potser tamb\u00e9, fer cas de les llegendes que s\u2019expliquen sobre el Gran Bosc\u2026 all\u00e0 on els arbres canten.[\/vc_column_text][\/vc_column_inner][vc_column_inner width=&#8221;1\/2&#8243; offset=&#8221;vc_col-md-3&#8243;][vc_single_image image=&#8221;21218&#8243; img_size=&#8221;full&#8221;][vc_column_text]<strong>T\u00edtol:<\/strong>\u00a0Dos ciris al diable<br \/>\n<strong>Editorial:<\/strong>\u00a0Cru\u00eflla<br \/>\n<strong>Traductor:<\/strong>\u00a0Ferran Gibert i \u00c1lvarez<br \/>\n<strong>Sinopsi:<\/strong><br \/>\nCat \u00e9s una adolescent que s\u2019ha passat gaireb\u00e9 tota la seva vida viatjant d\u2019un costat a un altre amb el seu pare. Quan aquest \u00e9s assassinat, ella ho perd pr\u00e0cticament tot i jura que trobar\u00e0 a qui ho va fer i li ho far\u00e0 pagar. No ser\u00e0 una cerca f\u00e0cil, per\u00f2 Cat no \u00e9s una noia corrent. El seu pare era un \u00e0ngel, la qual cosa significa que nom\u00e9s alg\u00fa amb un poder semblant al seu podria haver derrotat. I Cat est\u00e0 disposada a pactar amb els mateixos dimonis per tal d\u2019esbrinar qui va ser.[\/vc_column_text][\/vc_column_inner][\/vc_row_inner][vc_row_inner][vc_column_inner width=&#8221;1\/2&#8243; offset=&#8221;vc_col-md-3&#8243;][vc_single_image image=&#8221;22381&#8243; img_size=&#8221;full&#8221;][vc_column_text]<strong>T\u00edtol:<\/strong>\u00a0La filla de la nit<br \/>\n<strong>Editorial:<\/strong>\u00a0Edeb\u00e9<br \/>\n<strong>Traductor:<\/strong>\u00a0Imma Blanco<br \/>\n<strong>Sinopsi:<\/strong><br \/>\nLa tranquil\u00b7litat del poblet de Beaufort s\u2019ha vist alterada per un fet que en principi no t\u00e9 cap explicaci\u00f3 raonable. El granger Henri Morillon ha trobat morta una de les seues vaques en estranyes circumst\u00e0ncies. Alguns habitants del poble, com el jove Jer\u00f4me, creuen que la mansi\u00f3 Grisard guarda certa relaci\u00f3 amb el succ\u00e9s. El vell casalot ha rom\u00e0s molts anys abandonat, fins que la bella i enigm\u00e0tica Isabelle ha tornat a la localitat que la va veure n\u00e0ixer i d\u2019on va fugir temps arrere, i s\u2019hi ha instal\u00b7lat per a portar una vida solit\u00e0ria i misteriosa.[\/vc_column_text][\/vc_column_inner][vc_column_inner width=&#8221;1\/2&#8243; offset=&#8221;vc_col-md-3&#8243;][vc_single_image image=&#8221;26264&#8243; img_size=&#8221;full&#8221;][vc_column_text]<strong>T\u00edtol:<\/strong>\u00a0Finis Mundi<br \/>\n<strong>Editorial:<\/strong>\u00a0Cru\u00eflla<br \/>\n<strong>Traductor:<\/strong>\u00a0Ferran Gibert i \u00c1lvarez<br \/>\n<strong>Sinopsi:<\/strong><br \/>\nEl m\u00f3n s\u2019acaba. Nom\u00e9s falten tres anys. I sembla que l\u2019\u00fanic que ho sap \u00e9s en Michel, que, emp\u00e8s per unes misterioses revelacions, est\u00e0 disposat a impedir-ho. Per\u00f2 tot sol no pot. Hi haur\u00e0 alg\u00fa que no el prengui per boig i estigui disposat a fer-li costat?[\/vc_column_text][\/vc_column_inner][vc_column_inner width=&#8221;1\/2&#8243; offset=&#8221;vc_col-md-3&#8243;][vc_single_image image=&#8221;22258&#8243; img_size=&#8221;full&#8221;][vc_column_text]<strong>T\u00edtol:<\/strong>\u00a0La llegenda del Rei Errant<br \/>\n<strong>Editorial:<\/strong>\u00a0Cru\u00eflla<br \/>\n<strong>Traductor:<\/strong>\u00a0Llu\u00efsa Moreno<br \/>\n<strong>Sinopsi:<\/strong><br \/>\nWalid, un pr\u00edncep \u00e0rab molt ambici\u00f3s, vol guanyar un certamen de poesia. Per\u00f2 un humil teixidor de catifes obt\u00e9 el primer premi. Aleshores Walid decideix castigar-lo. Pero el c\u00e0stig imposat al pobre teixidor es girar\u00e0 contra el pr\u00edncep que perdr\u00e0 el tron, el reialme i gaireb\u00e9 la vida.[\/vc_column_text][\/vc_column_inner][vc_column_inner width=&#8221;1\/2&#8243; offset=&#8221;vc_col-md-3&#8243;][vc_single_image image=&#8221;22285&#8243; img_size=&#8221;full&#8221;][vc_column_text]<strong>T\u00edtol:<\/strong>\u00a0El col.lecionista de rellotges extraordinaris<br \/>\n<strong>Editorial:<\/strong>\u00a0Cru\u00eflla<br \/>\n<strong>Traductor:<\/strong>\u00a0Ferran Gibert<br \/>\n<strong>Sinopsi:<\/strong><br \/>\nPer salvar l\u2019\u00e0nima de la seva madrastra, en Jonathan ha de trobar un rellotge molt especial, que \u00e9s a la Ciutat Antiga. Per\u00f2 la Ciutat Antiga \u00e9s un lloc tan fascinador com misteri\u00f3s que es transforma constantment. En Jonathan s\u2019haur\u00e0 d\u2019enfrontar a tota mena de perills i posar a prova el seu enginy per poder sobreviure i dur a terme la seva missi\u00f3.[\/vc_column_text][\/vc_column_inner][\/vc_row_inner][vc_row_inner][vc_column_inner width=&#8221;1\/2&#8243; offset=&#8221;vc_col-md-3&#8243;][vc_single_image image=&#8221;25196&#8243; img_size=&#8221;200&#215;281&#8243;][vc_column_text]<strong>T\u00edtol:<\/strong> Quan em puguis veure<br \/>\n<strong>Editorial:<\/strong> Fanbooks<br \/>\n<strong>Traductor:<\/strong> <span class=\"author notFaded\" data-width=\"\"> Joan Josep Mussarra Roca <\/span><br \/>\n<strong>Sinopsi:<\/strong><br \/>\nALG\u00da S&#8217;AMAGA MOLT A PROP TEU<br \/>\nEstranys successos sense explicaci\u00f3. Qu\u00e8 est\u00e0 passant? A qu\u00e8 ens enfrontem? Qui o qu\u00e8 \u00e9s i quines intencions t\u00e9? T\u00e9 alguna cosa a veure amb el cas del \u00abnoi del terrat\u00bb? Una for\u00e7a desconeguda? Una llum en la foscor? Descobreix qu\u00e8 hi ha darrere![\/vc_column_text][\/vc_column_inner][vc_column_inner width=&#8221;1\/2&#8243; offset=&#8221;vc_col-md-3&#8243;][vc_single_image image=&#8221;22312&#8243; img_size=&#8221;full&#8221;][vc_column_text]<strong>T\u00edtol:<\/strong>\u00a0L\u2019emperadriu dels Eteris<br \/>\n<strong>Editorial:<\/strong>\u00a0Bromera<br \/>\n<strong>Traductor:\u00a0<\/strong>\u00a0Emma Piqu\u00e9<br \/>\n<strong>Sinopsi:<\/strong><br \/>\nLa Bipa no vol saber qu\u00e8 hi ha m\u00e9s enll\u00e0 de les coves c\u00e0lides on habita la seva gent. No creu en els contes de fades, Per\u00f2 l\u2019Aer, fascinat per la llegenda de la m\u00edtica Emperadriu, vol con\u00e8ixer aquell m\u00f3n de gel banyat per la llum d\u2019un estel blau on es diu que no existeix el patiment ni la fam. Per aix\u00f2 inicia un perill\u00f3s viatge en qu\u00e8 haur\u00e0 d\u2019arriscar la seva vida\u2026 i de la Bipa, que el seguir\u00e0 d\u2019amagat per salvar-lo del que considera una mort segura.<br \/>\nVisita el minisite![\/vc_column_text][\/vc_column_inner][vc_column_inner width=&#8221;1\/2&#8243; offset=&#8221;vc_col-md-3&#8243;][vc_single_image image=&#8221;22363&#8243; img_size=&#8221;full&#8221;][vc_column_text]<strong>T\u00edtol:<\/strong>\u00a0Mandr\u00e0gora<br \/>\n<strong>Editorial:<\/strong>\u00a0Bromera<br \/>\n<strong>Traductor:<\/strong>\u00a0Ferran Gibert i \u00c1lvarez<br \/>\n<strong>Sinopsi:<\/strong><br \/>\nEl rei H\u00e8ctor necessita un savi nou per a substituir Corn\u00e8lius, que ha desaparegut en circumst\u00e0ncies ben estranyes. El seu lloc a la cort ser\u00e0 ocupat per Zacaries, un erudit molt prestigi\u00f3s, que va acompanyat de la seva filla M\u00edriam. La jove tractar\u00e0 d\u2019integrar-se entre les donzelles i els pr\u00ednceps de la cort, per\u00f2 aviat coneixer\u00e0 un terrible secret sobre la seva vertadera identitat que li capgirar\u00e0 la vida. Les seves investigacions la portaran a descobrir una obscura trama per a destronar el rei, en la qual intervenen perversos conjurs de m\u00e0gia negra.[\/vc_column_text][\/vc_column_inner][vc_column_inner width=&#8221;1\/2&#8243; offset=&#8221;vc_col-md-3&#8243;][vc_single_image image=&#8221;25563&#8243; img_size=&#8221;full&#8221;][vc_column_text]<strong>T\u00edtol:<\/strong> Stravag\u00e0ntia<br \/>\n<strong>Editorial:<\/strong> Montena<br \/>\n<strong>Traductor:<\/strong> Helena Aguil\u00e0 Ruzola<br \/>\n<strong>Sinopsi:<\/strong><\/p>\n<div class=\"a-expander-content a-expander-partial-collapse-content\" data-expanded=\"false\">\n<p>L&#8217;Eric se&#8217;n va a viure a l&#8217;altra punta del m\u00f3n i la Virginia ja ha assumit que no el veur\u00e0 mai m\u00e9s. Per\u00f2, la nit abans que ell marxi, tots dos s\u00f3n arrossegats de sobte a Stravag\u00e0ntia, un m\u00f3n ins\u00f2lit ple de perills i poblat de criatures estranyes, no sempre amistoses.<\/p>\n<p>Quan l&#8217;Eric \u00e9s capturat, la Virginia compr\u00e8n que no est\u00e0 disposada a deixar que se&#8217;n vagi aix\u00ed com aix\u00ed. Ara b\u00e9, si el vol rescatar, haur\u00e0 d&#8217;assumir el risc d&#8217;emprendre un viatge per un territori del qual desconeix les regles. Per sort, tindr\u00e0 el suport del Berk, un faune que l&#8217;ajudar\u00e0 a mirar amb els ulls de Stravag\u00e0ntia&#8230; i tamb\u00e9 a descobrir algunes coses sobre ella mateixa.<\/p>\n<\/div>\n[\/vc_column_text][\/vc_column_inner][\/vc_row_inner][vc_row_inner][vc_column_inner width=&#8221;1\/2&#8243; offset=&#8221;vc_col-md-3&#8243;][vc_single_image image=&#8221;24320&#8243; img_size=&#8221;full&#8221;][vc_column_text]<strong>T\u00edtol:<\/strong>\u00a0La Sara i les Golejadores 1. Fem equip!<br \/>\n<strong>Editorial:<\/strong>\u00a0Estrella Polar<br \/>\n<strong>Traductor:<\/strong> N\u00faria Garcia Cald\u00e9s<br \/>\n<strong>Il.lustracions:<\/strong> Laia L\u00f3pez<br \/>\n<strong>Sinopsi:<\/strong><br \/>\nLa direcci\u00f3 de l\u2019escola ha decidit formar un equip de futbol per participar en la Lliga local. La Sara fa salts d\u2019alegria: ella est\u00e0 boja pel futbol i \u00e9s la millor jugadora de la seva classe. Per\u00f2 el professor de gimn\u00e0stica ha decidit que l\u2019equip nom\u00e9s ser\u00e0 mascul\u00ed: \u201cEl futbol \u00e9s un esport de nois\u201d, li diu. Indignada, la Sara decideix demostrar-li que les noies tamb\u00e9 saben jugar i li anuncia que formar\u00e0 un equip de futbol femen\u00ed. El problema \u00e9s que nom\u00e9s t\u00e9 una setmana de temps\u2026[\/vc_column_text][\/vc_column_inner][vc_column_inner width=&#8221;1\/2&#8243; offset=&#8221;vc_col-md-3&#8243;][vc_single_image image=&#8221;24321&#8243; img_size=&#8221;full&#8221;][vc_column_text]<strong>T\u00edtol:<\/strong>\u00a0La Sara i les Golejadores 2. Les noies som una canya<br \/>\n<strong>Editorial:<\/strong>\u00a0Estrella Polar<br \/>\n<strong>Traductor:<\/strong> N\u00faria Garcia Cald\u00e9s<br \/>\n<strong>Il.lustracions:<\/strong> Laia L\u00f3pez<br \/>\n<strong>Sinopsi:<\/strong><br \/>\nAra les noies s\u2019entrenen amb el pare de la Sara. Per\u00f2 aix\u00f2, lluny d\u2019ajudar les Golejadores, aviat fa entrar en crisi l\u2019equip. Nom\u00e9s falta una setmana per al gran partit contra els Falcons, i tot sembla perdut\u2026 Caldr\u00e0 la intervenci\u00f3 d\u2019en Sam, l\u2019aparici\u00f3 d\u2019un noi dur i l\u2019esfor\u00e7 de totes per mantenir l\u2019equip unit. Despr\u00e9s del primer gol dels rivals, aconseguiran les noies capgirar el marcador?[\/vc_column_text][\/vc_column_inner][vc_column_inner width=&#8221;1\/2&#8243; offset=&#8221;vc_col-md-3&#8243;][vc_single_image image=&#8221;24634&#8243; img_size=&#8221;full&#8221;][vc_column_text]<strong>T\u00edtol:<\/strong>\u00a0La Sara i les Golejadores 3. Juguem la lliga!<br \/>\n<strong>Editorial:<\/strong> Destino<br \/>\n<strong>Traductor:<\/strong> N\u00faria Garcia Cald\u00e9s<br \/>\n<strong>Sinopsi:<\/strong><br \/>\nLa Sara i les Golejadores ja poden jugar la lliga interescolar! Per\u00f2, per estar a l\u2019al\u00e7ada de la resta dels equips, les noies necessiten alguna cosa m\u00e9s que ser bones jugadores: vestir amb un equip oficial. Un somni que sembla impossible perqu\u00e8 \u00e9s massa car, per\u00f2 que en Sam resoldr\u00e0 amb una idea de les seves i amb l\u2019ajuda del nou club de fans.[\/vc_column_text][\/vc_column_inner][vc_column_inner width=&#8221;1\/2&#8243; offset=&#8221;vc_col-md-3&#8243;][vc_single_image image=&#8221;24632&#8243; img_size=&#8221;full&#8221;][vc_column_text]<strong>T\u00edtol:<\/strong>\u00a0La Sara i les Golejadores 4. El futbol i l\u2019amor s\u00f3n incompatibles<br \/>\n<strong>Editorial:<\/strong> Destino<br \/>\n<strong>Traductor:<\/strong> N\u00faria Garcia Cald\u00e9s<br \/>\n<strong>Sinopsi:<\/strong><br \/>\nJugar al futbol i la neu no casen gaire. Fer trampes als ex\u00e0mens no lliga gens amb en Sam. Pel seu aniversari, la Sara rep un regal molt especial que no sap amb qui compartir. A fora, l\u2019hivern \u00e9s molt cru, per\u00f2 a l\u2019institut la temperatura va pujant: s\u2019acosta el dia de Sant Valent\u00ed. Equ\u00edvocs divertits, cors de sucre, cors trencats, noves amistats i partits molt apassionants per lluitar contra un hivern molt fred.[\/vc_column_text][\/vc_column_inner][\/vc_row_inner][vc_row_inner][vc_column_inner width=&#8221;1\/4&#8243;][vc_single_image image=&#8221;24623&#8243; img_size=&#8221;full&#8221;][vc_column_text]<strong>T\u00edtol:<\/strong>\u00a0La Sara i les Golejadores 5. Les Golejadores no es rendeixen<br \/>\n<strong>Editorial:<\/strong> Destino<br \/>\n<strong>Traductor:<\/strong> N\u00faria Garcia Cald\u00e9s<br \/>\n<strong>Sinopsi:<\/strong><br \/>\nTot i els esfor\u00e7os, aquesta temporada les Golejadores no tenen gens f\u00e0cil arribar a la gran final. A l\u2019\u00faltim partit, contra el Liceu, s\u2019hi juguen la classificaci\u00f3 pels play-off i els nervis s\u00f3n latents. Per acabar-ho d\u2019adobar, els Jocs Esportius seran aviat i nom\u00e9s les millors Golejadores i els millors Falcons formaran l\u2019equip mixt que prendr\u00e0 part al torneig. La compet\u00e8ncia \u00e9s tan gran que fins i tot hi ha qui est\u00e0 disposat a fer trampes![\/vc_column_text][\/vc_column_inner][vc_column_inner width=&#8221;1\/4&#8243;][vc_single_image image=&#8221;24621&#8243; img_size=&#8221;full&#8221;][vc_column_text]<strong>T\u00edtol:<\/strong>\u00a0La Sara i les Golejadores 6. L\u2019\u00faltim gol<br \/>\n<strong>Editorial:<\/strong> Destino<br \/>\n<strong>Traductor:\u00a0<\/strong> N\u00faria Garcia Cald\u00e9s<br \/>\n<strong>Sinopsi:<\/strong><br \/>\nJa es comencen a notar els nervis dels \u00faltims dies de classe i per a la Sara i les seves amigues, el examens, el ball de final de curs i els partits dels play-off s\u00f3n massa coses per afrontar en tan pocs dies! A tot aix\u00f2, la Sara tambr\u00e9 hi haur\u00e0 de sumar un desamor i un incipient sentiment de formigueix a la panxa per alg\u00fa molt especial\u2026 Moltes emocions barrejades justament en el moment m\u00e9s important de la lliga: la gran final[\/vc_column_text][\/vc_column_inner][vc_column_inner width=&#8221;1\/4&#8243;][vc_single_image image=&#8221;24643&#8243; img_size=&#8221;200&#215;281&#8243;][vc_column_text][\/vc_column_text][vc_column_text]<strong>T\u00edtol:<\/strong>\u00a0Mag per casualitat<br \/>\n<strong>Editorial:<\/strong>\u00a0Bru\u00f1o<br \/>\n<strong>Traductor:<\/strong>\u00a0M\u00e0riam Serr\u00e0<br \/>\n<strong>Sinopsi:<\/strong><br \/>\nUna vegada era un regne de fantasia amb fades, dracs, cavallers i totes aquestes coses que tenen els regnes de fantasia. Tamb\u00e9 hi havia una ciutat gran on s\u2019arribava per un cam\u00ed, i al costat d\u2019aquest cam\u00ed hi havia l\u2019hostal de l\u2019Ogre Gras. All\u00e0 hi treballa com a mosso el jove Ratol\u00ed, que un bon dia rep per accident els poders del malvat mag Calderaus\u2026 S\u00f3n uns poders que no sap fer sevir\u2026 i que el mag vol recuperar costi el que costi. Per aconseguir-ho, tots dos inicien un delirant viatge en qu\u00e8 coneixeran tot un seguit de personatges extravagants i viuran emocionants aventures plenes d\u2019humor.[\/vc_column_text][\/vc_column_inner][vc_column_inner width=&#8221;1\/4&#8243;][vc_single_image image=&#8221;24646&#8243; img_size=&#8221;full&#8221;][vc_column_text]<strong>T\u00edtol:<\/strong> Herois per casualitat<br \/>\n<strong>Editorial:<\/strong>\u00a0Bru\u00f1o<br \/>\n<strong>Traductor:<\/strong>\u00a0M\u00e0riam Serr\u00e0<\/p>\n<p><strong>Sinopsi:<\/strong> Una vegada era un regne de fantasia governat per un rei i una reina que tenien una filla. Els reis, molt preocupats pel futur de la princesa Griselda, es proposen trobar-li marit. Per\u00f2 a la Griselda no li agraden els pr\u00ednceps avorrits; ella preferiria un heroi d\u2019aquells que fan grans proeses, conquereixen regnes i derroten monstres pertot arreu. Per tant, els reis convoquen un concurs apte nom\u00e9s per als m\u00e9s valents: el qui aconsegueixi el ceptre del Gran Bruixot, que governa el Pa\u00eds dels Espants, es casar\u00e0 amb la princesa. Decidits a emprendre la missi\u00f3, un original grup d\u2019aventurers es posa en cam\u00ed cap al castell del bruixot, sense sospitar els innombrables perills a qu\u00e8 hauran de fer front\u2026[\/vc_column_text][\/vc_column_inner][\/vc_row_inner][\/vc_column][\/vc_row][vc_row][vc_column width=&#8221;1\/4&#8243;][vc_single_image image=&#8221;25199&#8243; img_size=&#8221;full&#8221;][vc_column_text]<strong>T\u00edtol:<\/strong> \u00d2mnia. Tot all\u00f2 que puguis somiar.<br \/>\n<strong>Editorial:<\/strong> Montena<br \/>\n<strong>Traductor:<\/strong> Diana Coromines i Calders<br \/>\n<strong>Sinopsi: <\/strong><br \/>\nTothom sap que a \u00d2mnia, la gran botiga virtual, s&#8217;hi pot comprar qualsevol cosa. Al cat\u00e0leg hi trobar\u00e0s tot all\u00f2 que puguis imaginar i, fins i tot, objectes que ni tan sols sabies que existien. Per aix\u00f2, quan en Nico llen\u00e7a per accident a les escombraries el peluix preferit de la seva germana petita, no dubta a buscar-ne un d&#8217;igual a la web per substituir-lo. Per\u00f2 un error inform\u00e0tic inesperat el conduir\u00e0 fins al cor mateix d&#8217;\u00d2mnia, un magatzem immens i extraordinari on la cerca del peluix ser\u00e0 nom\u00e9s el comen\u00e7ament d&#8217;una aventura molt emocionant.[\/vc_column_text][\/vc_column][vc_column width=&#8221;1\/4&#8243;][vc_single_image image=&#8221;26151&#8243; img_size=&#8221;full&#8221;][vc_column_text]<strong>T\u00edtol:<\/strong>\u00a0Retorn a l\u2019Illa Blanca<br \/>\n<strong>Editorial:<\/strong> Cru\u00eflla<br \/>\n<strong>Traductor:<\/strong> Ferran Gibert<br \/>\n<strong>Sinopsi:<\/strong><br \/>\nL\u2019\u00danica viu al Bosc Verd amb els seus amics els gnoms, les fades i els follets, per\u00f2 no s\u2019hi assembla gens. No, ella \u00e9s una Mitjana de pell blava i ulls violeta, molt diferent de la Gent Petita. I potser \u00e9s l\u2019\u00faltima de la seva ra\u00e7a. Quan el seu amic Tafaner descobreix una ciutat de Mitjans abandonada, l\u2019\u00danica compr\u00e8n que per trobar els seus ha d\u2019abandonar el lloc on s\u2019ha criat i seguir el Cam\u00ed, que la portar\u00e0 molt lluny, a terres desconegudes i perilloses&#8230;[\/vc_column_text][\/vc_column][vc_column width=&#8221;1\/4&#8243;][vc_column_text][\/vc_column_text][\/vc_column][vc_column width=&#8221;1\/4&#8243;][\/vc_column][\/vc_row]\n<\/div>","protected":false},"excerpt":{"rendered":"<p>[vc_row][vc_column][vc_column_text el_class=&#8221;nav-books&#8221;] BOOKS BOOKS IN ENGLISH BOOKS IN OTHER LANGUAGES [\/vc_column_text][\/vc_column][\/vc_row][vc_row][vc_column width=&#8221;1\/4&#8243;][vc_single_image image=&#8221;26149&#8243; img_size=&#8221;200&#215;281&#8243;][vc_column_text]T\u00edtol: Cuatre llunes 1. Marees de m\u00e0gia. Editorial: Cru\u00eflla Traductor: Ferran Gibert Sinopsi: El Milo fa temps que ha sentit a parlar de la llegenda del drac, per\u00f2 no se la creu. Fins que un dia, arriba una colla de personatges molt estranys al poble i li demanen que els porti a veure el drac. El que el Milo no s&#8217;imagina \u00e9s que aix\u00f2 ser\u00e0 l&#8217;inici de&#8230;<\/p>\n","protected":false},"author":2,"featured_media":26245,"parent":22726,"menu_order":0,"comment_status":"closed","ping_status":"closed","template":"","meta":{"_acf_changed":false,"footnotes":""},"class_list":["post-22891","page","type-page","status-publish","hentry"],"acf":[],"yoast_head":"<!-- This site is optimized with the Yoast SEO plugin v27.4 - https:\/\/yoast.com\/product\/yoast-seo-wordpress\/ -->\n<title>Llibres en catal\u00e0 - Laura Gallego - Oficial<\/title>\n<meta name=\"robots\" content=\"index, follow, max-snippet:-1, max-image-preview:large, max-video-preview:-1\" \/>\n<link rel=\"canonical\" href=\"https:\/\/www.lauragallego.com\/en\/books\/books-in-other-languages\/llibres-en-catala\/\" \/>\n<meta property=\"og:locale\" content=\"en_US\" \/>\n<meta property=\"og:type\" content=\"article\" \/>\n<meta property=\"og:title\" content=\"Llibres en catal\u00e0 - Laura Gallego - Oficial\" \/>\n<meta property=\"og:description\" content=\"[vc_row][vc_column][vc_column_text el_class=&#8221;nav-books&#8221;] BOOKS BOOKS IN ENGLISH BOOKS IN OTHER LANGUAGES [\/vc_column_text][\/vc_column][\/vc_row][vc_row][vc_column width=&#8221;1\/4&#8243;][vc_single_image image=&#8221;26149&#8243; img_size=&#8221;200&#215;281&#8243;][vc_column_text]T\u00edtol: Cuatre llunes 1. Marees de m\u00e0gia. Editorial: Cru\u00eflla Traductor: Ferran Gibert Sinopsi: El Milo fa temps que ha sentit a parlar de la llegenda del drac, per\u00f2 no se la creu. Fins que un dia, arriba una colla de personatges molt estranys al poble i li demanen que els porti a veure el drac. El que el Milo no s&#8217;imagina \u00e9s que aix\u00f2 ser\u00e0 l&#8217;inici de...\" \/>\n<meta property=\"og:url\" content=\"https:\/\/www.lauragallego.com\/en\/books\/books-in-other-languages\/llibres-en-catala\/\" \/>\n<meta property=\"og:site_name\" content=\"Laura Gallego - Oficial\" \/>\n<meta property=\"article:publisher\" content=\"https:\/\/www.facebook.com\/lauragallegooficial\" \/>\n<meta property=\"article:modified_time\" content=\"2025-10-02T08:08:05+00:00\" \/>\n<meta property=\"og:image\" content=\"https:\/\/www.lauragallego.com\/wp-content\/uploads\/2025\/10\/4L2_Cat.jpg\" \/>\n\t<meta property=\"og:image:width\" content=\"200\" \/>\n\t<meta property=\"og:image:height\" content=\"300\" \/>\n\t<meta property=\"og:image:type\" content=\"image\/jpeg\" \/>\n<meta name=\"twitter:card\" content=\"summary_large_image\" \/>\n<meta name=\"twitter:site\" content=\"@_LauraGallego\" \/>\n<meta name=\"twitter:label1\" content=\"Est. reading time\" \/>\n\t<meta name=\"twitter:data1\" content=\"18 minutes\" \/>\n<script type=\"application\/ld+json\" class=\"yoast-schema-graph\">{\"@context\":\"https:\\\/\\\/schema.org\",\"@graph\":[{\"@type\":\"WebPage\",\"@id\":\"https:\\\/\\\/www.lauragallego.com\\\/en\\\/books\\\/books-in-other-languages\\\/llibres-en-catala\\\/\",\"url\":\"https:\\\/\\\/www.lauragallego.com\\\/en\\\/books\\\/books-in-other-languages\\\/llibres-en-catala\\\/\",\"name\":\"Llibres en catal\u00e0 - Laura Gallego - Oficial\",\"isPartOf\":{\"@id\":\"https:\\\/\\\/www.lauragallego.com\\\/#website\"},\"primaryImageOfPage\":{\"@id\":\"https:\\\/\\\/www.lauragallego.com\\\/en\\\/books\\\/books-in-other-languages\\\/llibres-en-catala\\\/#primaryimage\"},\"image\":{\"@id\":\"https:\\\/\\\/www.lauragallego.com\\\/en\\\/books\\\/books-in-other-languages\\\/llibres-en-catala\\\/#primaryimage\"},\"thumbnailUrl\":\"https:\\\/\\\/www.lauragallego.com\\\/wp-content\\\/uploads\\\/2025\\\/10\\\/4L2_Cat.jpg\",\"datePublished\":\"2018-06-12T08:21:50+00:00\",\"dateModified\":\"2025-10-02T08:08:05+00:00\",\"breadcrumb\":{\"@id\":\"https:\\\/\\\/www.lauragallego.com\\\/en\\\/books\\\/books-in-other-languages\\\/llibres-en-catala\\\/#breadcrumb\"},\"inLanguage\":\"en-US\",\"potentialAction\":[{\"@type\":\"ReadAction\",\"target\":[\"https:\\\/\\\/www.lauragallego.com\\\/en\\\/books\\\/books-in-other-languages\\\/llibres-en-catala\\\/\"]}]},{\"@type\":\"ImageObject\",\"inLanguage\":\"en-US\",\"@id\":\"https:\\\/\\\/www.lauragallego.com\\\/en\\\/books\\\/books-in-other-languages\\\/llibres-en-catala\\\/#primaryimage\",\"url\":\"https:\\\/\\\/www.lauragallego.com\\\/wp-content\\\/uploads\\\/2025\\\/10\\\/4L2_Cat.jpg\",\"contentUrl\":\"https:\\\/\\\/www.lauragallego.com\\\/wp-content\\\/uploads\\\/2025\\\/10\\\/4L2_Cat.jpg\",\"width\":200,\"height\":300},{\"@type\":\"BreadcrumbList\",\"@id\":\"https:\\\/\\\/www.lauragallego.com\\\/en\\\/books\\\/books-in-other-languages\\\/llibres-en-catala\\\/#breadcrumb\",\"itemListElement\":[{\"@type\":\"ListItem\",\"position\":1,\"name\":\"Home\",\"item\":\"https:\\\/\\\/www.lauragallego.com\\\/en\\\/\"},{\"@type\":\"ListItem\",\"position\":2,\"name\":\"Books\",\"item\":\"https:\\\/\\\/www.lauragallego.com\\\/en\\\/books\\\/\"},{\"@type\":\"ListItem\",\"position\":3,\"name\":\"Books in other languages\",\"item\":\"https:\\\/\\\/www.lauragallego.com\\\/en\\\/books\\\/books-in-other-languages\\\/\"},{\"@type\":\"ListItem\",\"position\":4,\"name\":\"Llibres en catal\u00e0\"}]},{\"@type\":\"WebSite\",\"@id\":\"https:\\\/\\\/www.lauragallego.com\\\/#website\",\"url\":\"https:\\\/\\\/www.lauragallego.com\\\/\",\"name\":\"Laura Gallego - Oficial\",\"description\":\"\",\"publisher\":{\"@id\":\"https:\\\/\\\/www.lauragallego.com\\\/#organization\"},\"potentialAction\":[{\"@type\":\"SearchAction\",\"target\":{\"@type\":\"EntryPoint\",\"urlTemplate\":\"https:\\\/\\\/www.lauragallego.com\\\/?s={search_term_string}\"},\"query-input\":{\"@type\":\"PropertyValueSpecification\",\"valueRequired\":true,\"valueName\":\"search_term_string\"}}],\"inLanguage\":\"en-US\"},{\"@type\":\"Organization\",\"@id\":\"https:\\\/\\\/www.lauragallego.com\\\/#organization\",\"name\":\"Laura Gallego - Oficial\",\"url\":\"https:\\\/\\\/www.lauragallego.com\\\/\",\"logo\":{\"@type\":\"ImageObject\",\"inLanguage\":\"en-US\",\"@id\":\"https:\\\/\\\/www.lauragallego.com\\\/#\\\/schema\\\/logo\\\/image\\\/\",\"url\":\"https:\\\/\\\/www.lauragallego.com\\\/wp-content\\\/uploads\\\/2020\\\/07\\\/lechuza1.jpg\",\"contentUrl\":\"https:\\\/\\\/www.lauragallego.com\\\/wp-content\\\/uploads\\\/2020\\\/07\\\/lechuza1.jpg\",\"width\":1471,\"height\":1362,\"caption\":\"Laura Gallego - Oficial\"},\"image\":{\"@id\":\"https:\\\/\\\/www.lauragallego.com\\\/#\\\/schema\\\/logo\\\/image\\\/\"},\"sameAs\":[\"https:\\\/\\\/www.facebook.com\\\/lauragallegooficial\",\"https:\\\/\\\/x.com\\\/_LauraGallego\",\"https:\\\/\\\/www.instagram.com\\\/lauragallegooficial\\\/\",\"https:\\\/\\\/www.youtube.com\\\/channel\\\/UCYTcZ0cTkbbFolGJUp6Wqrw\\\/feed\"]}]}<\/script>\n<!-- \/ Yoast SEO plugin. -->","yoast_head_json":{"title":"Llibres en catal\u00e0 - Laura Gallego - Oficial","robots":{"index":"index","follow":"follow","max-snippet":"max-snippet:-1","max-image-preview":"max-image-preview:large","max-video-preview":"max-video-preview:-1"},"canonical":"https:\/\/www.lauragallego.com\/en\/books\/books-in-other-languages\/llibres-en-catala\/","og_locale":"en_US","og_type":"article","og_title":"Llibres en catal\u00e0 - Laura Gallego - Oficial","og_description":"[vc_row][vc_column][vc_column_text el_class=&#8221;nav-books&#8221;] BOOKS BOOKS IN ENGLISH BOOKS IN OTHER LANGUAGES [\/vc_column_text][\/vc_column][\/vc_row][vc_row][vc_column width=&#8221;1\/4&#8243;][vc_single_image image=&#8221;26149&#8243; img_size=&#8221;200&#215;281&#8243;][vc_column_text]T\u00edtol: Cuatre llunes 1. Marees de m\u00e0gia. Editorial: Cru\u00eflla Traductor: Ferran Gibert Sinopsi: El Milo fa temps que ha sentit a parlar de la llegenda del drac, per\u00f2 no se la creu. Fins que un dia, arriba una colla de personatges molt estranys al poble i li demanen que els porti a veure el drac. El que el Milo no s&#8217;imagina \u00e9s que aix\u00f2 ser\u00e0 l&#8217;inici de...","og_url":"https:\/\/www.lauragallego.com\/en\/books\/books-in-other-languages\/llibres-en-catala\/","og_site_name":"Laura Gallego - Oficial","article_publisher":"https:\/\/www.facebook.com\/lauragallegooficial","article_modified_time":"2025-10-02T08:08:05+00:00","og_image":[{"width":200,"height":300,"url":"https:\/\/www.lauragallego.com\/wp-content\/uploads\/2025\/10\/4L2_Cat.jpg","type":"image\/jpeg"}],"twitter_card":"summary_large_image","twitter_site":"@_LauraGallego","twitter_misc":{"Est. reading time":"18 minutes"},"schema":{"@context":"https:\/\/schema.org","@graph":[{"@type":"WebPage","@id":"https:\/\/www.lauragallego.com\/en\/books\/books-in-other-languages\/llibres-en-catala\/","url":"https:\/\/www.lauragallego.com\/en\/books\/books-in-other-languages\/llibres-en-catala\/","name":"Llibres en catal\u00e0 - Laura Gallego - Oficial","isPartOf":{"@id":"https:\/\/www.lauragallego.com\/#website"},"primaryImageOfPage":{"@id":"https:\/\/www.lauragallego.com\/en\/books\/books-in-other-languages\/llibres-en-catala\/#primaryimage"},"image":{"@id":"https:\/\/www.lauragallego.com\/en\/books\/books-in-other-languages\/llibres-en-catala\/#primaryimage"},"thumbnailUrl":"https:\/\/www.lauragallego.com\/wp-content\/uploads\/2025\/10\/4L2_Cat.jpg","datePublished":"2018-06-12T08:21:50+00:00","dateModified":"2025-10-02T08:08:05+00:00","breadcrumb":{"@id":"https:\/\/www.lauragallego.com\/en\/books\/books-in-other-languages\/llibres-en-catala\/#breadcrumb"},"inLanguage":"en-US","potentialAction":[{"@type":"ReadAction","target":["https:\/\/www.lauragallego.com\/en\/books\/books-in-other-languages\/llibres-en-catala\/"]}]},{"@type":"ImageObject","inLanguage":"en-US","@id":"https:\/\/www.lauragallego.com\/en\/books\/books-in-other-languages\/llibres-en-catala\/#primaryimage","url":"https:\/\/www.lauragallego.com\/wp-content\/uploads\/2025\/10\/4L2_Cat.jpg","contentUrl":"https:\/\/www.lauragallego.com\/wp-content\/uploads\/2025\/10\/4L2_Cat.jpg","width":200,"height":300},{"@type":"BreadcrumbList","@id":"https:\/\/www.lauragallego.com\/en\/books\/books-in-other-languages\/llibres-en-catala\/#breadcrumb","itemListElement":[{"@type":"ListItem","position":1,"name":"Home","item":"https:\/\/www.lauragallego.com\/en\/"},{"@type":"ListItem","position":2,"name":"Books","item":"https:\/\/www.lauragallego.com\/en\/books\/"},{"@type":"ListItem","position":3,"name":"Books in other languages","item":"https:\/\/www.lauragallego.com\/en\/books\/books-in-other-languages\/"},{"@type":"ListItem","position":4,"name":"Llibres en catal\u00e0"}]},{"@type":"WebSite","@id":"https:\/\/www.lauragallego.com\/#website","url":"https:\/\/www.lauragallego.com\/","name":"Laura Gallego - Oficial","description":"","publisher":{"@id":"https:\/\/www.lauragallego.com\/#organization"},"potentialAction":[{"@type":"SearchAction","target":{"@type":"EntryPoint","urlTemplate":"https:\/\/www.lauragallego.com\/?s={search_term_string}"},"query-input":{"@type":"PropertyValueSpecification","valueRequired":true,"valueName":"search_term_string"}}],"inLanguage":"en-US"},{"@type":"Organization","@id":"https:\/\/www.lauragallego.com\/#organization","name":"Laura Gallego - Oficial","url":"https:\/\/www.lauragallego.com\/","logo":{"@type":"ImageObject","inLanguage":"en-US","@id":"https:\/\/www.lauragallego.com\/#\/schema\/logo\/image\/","url":"https:\/\/www.lauragallego.com\/wp-content\/uploads\/2020\/07\/lechuza1.jpg","contentUrl":"https:\/\/www.lauragallego.com\/wp-content\/uploads\/2020\/07\/lechuza1.jpg","width":1471,"height":1362,"caption":"Laura Gallego - Oficial"},"image":{"@id":"https:\/\/www.lauragallego.com\/#\/schema\/logo\/image\/"},"sameAs":["https:\/\/www.facebook.com\/lauragallegooficial","https:\/\/x.com\/_LauraGallego","https:\/\/www.instagram.com\/lauragallegooficial\/","https:\/\/www.youtube.com\/channel\/UCYTcZ0cTkbbFolGJUp6Wqrw\/feed"]}]}},"_links":{"self":[{"href":"https:\/\/www.lauragallego.com\/en\/wp-json\/wp\/v2\/pages\/22891","targetHints":{"allow":["GET"]}}],"collection":[{"href":"https:\/\/www.lauragallego.com\/en\/wp-json\/wp\/v2\/pages"}],"about":[{"href":"https:\/\/www.lauragallego.com\/en\/wp-json\/wp\/v2\/types\/page"}],"author":[{"embeddable":true,"href":"https:\/\/www.lauragallego.com\/en\/wp-json\/wp\/v2\/users\/2"}],"replies":[{"embeddable":true,"href":"https:\/\/www.lauragallego.com\/en\/wp-json\/wp\/v2\/comments?post=22891"}],"version-history":[{"count":0,"href":"https:\/\/www.lauragallego.com\/en\/wp-json\/wp\/v2\/pages\/22891\/revisions"}],"up":[{"embeddable":true,"href":"https:\/\/www.lauragallego.com\/en\/wp-json\/wp\/v2\/pages\/22726"}],"wp:featuredmedia":[{"embeddable":true,"href":"https:\/\/www.lauragallego.com\/en\/wp-json\/wp\/v2\/media\/26245"}],"wp:attachment":[{"href":"https:\/\/www.lauragallego.com\/en\/wp-json\/wp\/v2\/media?parent=22891"}],"curies":[{"name":"wp","href":"https:\/\/api.w.org\/{rel}","templated":true}]}}